{"id":2341,"date":"2026-04-22T16:47:24","date_gmt":"2026-04-22T14:47:24","guid":{"rendered":"https:\/\/www.demuhle.com\/?post_type=tribe_events&#038;p=2341"},"modified":"2026-04-22T17:27:08","modified_gmt":"2026-04-22T15:27:08","slug":"moederdag-bij-de-muhle","status":"publish","type":"tribe_events","link":"https:\/\/www.demuhle.com\/de\/veranstaltung\/moederdag-bij-de-muhle\/","title":{"rendered":"Muttertag in der M\u00fchle!"},"content":{"rendered":"<p>Vier Moederdag bij de M\u00fchle!<\/p>\n<p data-path-to-node=\"7\"><b data-path-to-node=\"7\" data-index-in-node=\"0\">De belangrijkste vrouw in je leven verdient meer dan een slap bosje bloemen. \ud83c\udf39<\/b><\/p>\n<p data-path-to-node=\"8\">Laten we eerlijk zijn: mama wil dit jaar maar \u00e9\u00e9n ding en dat is \u00e9cht even samen zijn. Geen afwas, geen stress, maar de rauwe charme van De M\u00fchle als decor voor jullie herinneringen. Of ze nu houdt van een middag vol gezelligheid of een avond vol culinair spektakel; wij hebben de perfecte match.<\/p>\n<p data-path-to-node=\"8\"><strong>Bij aankomst krijgen jullie van ons een (alcoholvrije) prosecco, om dit mooie moment te vieren.<\/strong><\/p>\n<p data-path-to-node=\"9\"><b data-path-to-node=\"9\" data-index-in-node=\"0\">Middag: De Shared Dining Lunch \u20ac28,50 (11:30 &#8211; 15:30)<\/b><\/p>\n<p>Om mee te beginnen:<\/p>\n<p>Gurken-Courgette-Suppe oder Salmorejo<\/p>\n<p>Daarna allemaal lekkere hapjes om samen van te genieten:<\/p>\n<ul>\n<li>Libanese pizza<\/li>\n<li>Kip of Vega gyoza&#8217;s<\/li>\n<li>Focaccia met zwarte knoflook-ansjovis cr\u00e9me of Boter met gerookt zout<\/li>\n<li>Watermeloen Sashimi<\/li>\n<li>Gepofte knolselderij met amandelen en citroenmayo<\/li>\n<\/ul>\n<p>Om dit heerlijke maal mee af te sluiten:<\/p>\n<ul>\n<li>Passievrucht Semifreddo met geroosterde kokos<\/li>\n<li>Witte chocolade brownie<\/li>\n<\/ul>\n<p data-path-to-node=\"11\"><b data-path-to-node=\"11\" data-index-in-node=\"0\">Avond: Het Moederdag Diner \u20ac39,50 (Vanaf 17:00)<\/b><\/p>\n<p data-path-to-node=\"11\"><strong>3 gangen diner:<\/strong><\/p>\n<p data-path-to-node=\"11\"><em>Starter<\/em><\/p>\n<p data-path-to-node=\"11\">Gepofte knolselderij met citroenmayo &amp; amandelen<\/p>\n<p data-path-to-node=\"11\"><em>of<\/em><\/p>\n<p data-path-to-node=\"11\">Gefrituurde witte asperge met een daslooksaus<\/p>\n<p data-path-to-node=\"11\"><em>Hauptgang<\/em><\/p>\n<p data-path-to-node=\"11\">Asperges met hollandaise, schelvis &amp; krieltjes<\/p>\n<p data-path-to-node=\"11\"><em>Oder<\/em><\/p>\n<p data-path-to-node=\"11\">Vegetarische lasagne met Artisjok-mascarpone<\/p>\n<p data-path-to-node=\"11\"><em>Nagerecht<\/em><\/p>\n<p data-path-to-node=\"11\">Passievrucht Semifreddo met geroosterde kokos<\/p>\n<p data-path-to-node=\"11\"><em>Oder<\/em><\/p>\n<p data-path-to-node=\"11\">Tiramisu Affogato<\/p>\n<p data-path-to-node=\"11\"><em><strong>Kiezen jullie liever iets van de gewone kaart? Geen enkel probleem, zolang het een gedenkwaardige dag wordt.<\/strong><\/em><\/p>","protected":false},"excerpt":{"rendered":"<p>Vier Moederdag bij de M\u00fchle! De belangrijkste vrouw in je<\/p>","protected":false},"author":4,"featured_media":2340,"template":"","meta":{"_acf_changed":false,"_tribe_events_status":"","_tribe_events_status_reason":"","footnotes":""},"tags":[],"tribe_events_cat":[],"class_list":["post-2341","tribe_events","type-tribe_events","status-publish","has-post-thumbnail","hentry"],"acf":[],"yoast_head":"<!-- This site is optimized with the Yoast SEO plugin v27.4 - https:\/\/yoast.com\/product\/yoast-seo-wordpress\/ -->\n<title>Moederdag bij de M\u00fchle! - De M\u00fchle<\/title>\n<meta name=\"robots\" content=\"index, follow, max-snippet:-1, max-image-preview:large, max-video-preview:-1\" \/>\n<link rel=\"canonical\" href=\"https:\/\/www.demuhle.com\/de\/veranstaltung\/moederdag-bij-de-muhle\/\" \/>\n<meta property=\"og:locale\" content=\"de_DE\" \/>\n<meta property=\"og:type\" content=\"article\" \/>\n<meta property=\"og:title\" content=\"Moederdag bij de M\u00fchle! - De M\u00fchle\" \/>\n<meta property=\"og:description\" content=\"Vier Moederdag bij de M\u00fchle! De belangrijkste vrouw in je\" \/>\n<meta property=\"og:url\" content=\"https:\/\/www.demuhle.com\/de\/veranstaltung\/moederdag-bij-de-muhle\/\" \/>\n<meta property=\"og:site_name\" content=\"De M\u00fchle\" \/>\n<meta property=\"article:publisher\" content=\"https:\/\/www.facebook.com\/p\/Femilie-at-Etzenrather-M%c3%bchle-100027792532478\" \/>\n<meta property=\"article:modified_time\" content=\"2026-04-22T15:27:08+00:00\" \/>\n<meta property=\"og:image\" content=\"https:\/\/www.demuhle.com\/wp-content\/uploads\/2026\/04\/WhatsApp-Image-2026-04-22-at-16.15.25-1.jpeg\" \/>\n\t<meta property=\"og:image:width\" content=\"1536\" \/>\n\t<meta property=\"og:image:height\" content=\"2048\" \/>\n\t<meta property=\"og:image:type\" content=\"image\/jpeg\" \/>\n<meta name=\"twitter:card\" content=\"summary_large_image\" \/>\n<meta name=\"twitter:label1\" content=\"Gesch\u00e4tzte Lesezeit\" \/>\n\t<meta name=\"twitter:data1\" content=\"2\u00a0Minuten\" \/>\n<script type=\"application\/ld+json\" class=\"yoast-schema-graph\">{\"@context\":\"https:\\\/\\\/schema.org\",\"@graph\":[{\"@type\":\"WebPage\",\"@id\":\"https:\\\/\\\/www.demuhle.com\\\/event\\\/moederdag-bij-de-muhle\\\/\",\"url\":\"https:\\\/\\\/www.demuhle.com\\\/event\\\/moederdag-bij-de-muhle\\\/\",\"name\":\"Moederdag bij de M\u00fchle! - De M\u00fchle\",\"isPartOf\":{\"@id\":\"https:\\\/\\\/www.demuhle.com\\\/#website\"},\"primaryImageOfPage\":{\"@id\":\"https:\\\/\\\/www.demuhle.com\\\/event\\\/moederdag-bij-de-muhle\\\/#primaryimage\"},\"image\":{\"@id\":\"https:\\\/\\\/www.demuhle.com\\\/event\\\/moederdag-bij-de-muhle\\\/#primaryimage\"},\"thumbnailUrl\":\"https:\\\/\\\/www.demuhle.com\\\/wp-content\\\/uploads\\\/2026\\\/04\\\/WhatsApp-Image-2026-04-22-at-16.15.25-1.jpeg\",\"datePublished\":\"2026-04-22T14:47:24+00:00\",\"dateModified\":\"2026-04-22T15:27:08+00:00\",\"breadcrumb\":{\"@id\":\"https:\\\/\\\/www.demuhle.com\\\/event\\\/moederdag-bij-de-muhle\\\/#breadcrumb\"},\"inLanguage\":\"de\",\"potentialAction\":[{\"@type\":\"ReadAction\",\"target\":[\"https:\\\/\\\/www.demuhle.com\\\/event\\\/moederdag-bij-de-muhle\\\/\"]}]},{\"@type\":\"ImageObject\",\"inLanguage\":\"de\",\"@id\":\"https:\\\/\\\/www.demuhle.com\\\/event\\\/moederdag-bij-de-muhle\\\/#primaryimage\",\"url\":\"https:\\\/\\\/www.demuhle.com\\\/wp-content\\\/uploads\\\/2026\\\/04\\\/WhatsApp-Image-2026-04-22-at-16.15.25-1.jpeg\",\"contentUrl\":\"https:\\\/\\\/www.demuhle.com\\\/wp-content\\\/uploads\\\/2026\\\/04\\\/WhatsApp-Image-2026-04-22-at-16.15.25-1.jpeg\",\"width\":1536,\"height\":2048},{\"@type\":\"BreadcrumbList\",\"@id\":\"https:\\\/\\\/www.demuhle.com\\\/event\\\/moederdag-bij-de-muhle\\\/#breadcrumb\",\"itemListElement\":[{\"@type\":\"ListItem\",\"position\":1,\"name\":\"Home\",\"item\":\"https:\\\/\\\/www.demuhle.com\\\/\"},{\"@type\":\"ListItem\",\"position\":2,\"name\":\"Evenementen\",\"item\":\"https:\\\/\\\/www.demuhle.com\\\/events\\\/\"},{\"@type\":\"ListItem\",\"position\":3,\"name\":\"Moederdag bij de M\u00fchle!\"}]},{\"@type\":\"WebSite\",\"@id\":\"https:\\\/\\\/www.demuhle.com\\\/#website\",\"url\":\"https:\\\/\\\/www.demuhle.com\\\/\",\"name\":\"De M\u00fchle\",\"description\":\"\",\"publisher\":{\"@id\":\"https:\\\/\\\/www.demuhle.com\\\/#organization\"},\"potentialAction\":[{\"@type\":\"SearchAction\",\"target\":{\"@type\":\"EntryPoint\",\"urlTemplate\":\"https:\\\/\\\/www.demuhle.com\\\/?s={search_term_string}\"},\"query-input\":{\"@type\":\"PropertyValueSpecification\",\"valueRequired\":true,\"valueName\":\"search_term_string\"}}],\"inLanguage\":\"de\"},{\"@type\":\"Organization\",\"@id\":\"https:\\\/\\\/www.demuhle.com\\\/#organization\",\"name\":\"De M\u00fchle\",\"url\":\"https:\\\/\\\/www.demuhle.com\\\/\",\"logo\":{\"@type\":\"ImageObject\",\"inLanguage\":\"de\",\"@id\":\"https:\\\/\\\/www.demuhle.com\\\/#\\\/schema\\\/logo\\\/image\\\/\",\"url\":\"https:\\\/\\\/www.demuhle.com\\\/wp-content\\\/uploads\\\/2024\\\/10\\\/500.png\",\"contentUrl\":\"https:\\\/\\\/www.demuhle.com\\\/wp-content\\\/uploads\\\/2024\\\/10\\\/500.png\",\"width\":500,\"height\":500,\"caption\":\"De M\u00fchle\"},\"image\":{\"@id\":\"https:\\\/\\\/www.demuhle.com\\\/#\\\/schema\\\/logo\\\/image\\\/\"},\"sameAs\":[\"https:\\\/\\\/www.facebook.com\\\/p\\\/Femilie-at-Etzenrather-M\u00fchle-100027792532478\",\"https:\\\/\\\/www.instagram.com\\\/brasserie_demuhle\\\/\"]}]}<\/script>\n<!-- \/ Yoast SEO plugin. -->","yoast_head_json":{"title":"Moederdag bij de M\u00fchle! - De M\u00fchle","robots":{"index":"index","follow":"follow","max-snippet":"max-snippet:-1","max-image-preview":"max-image-preview:large","max-video-preview":"max-video-preview:-1"},"canonical":"https:\/\/www.demuhle.com\/de\/veranstaltung\/moederdag-bij-de-muhle\/","og_locale":"de_DE","og_type":"article","og_title":"Moederdag bij de M\u00fchle! - De M\u00fchle","og_description":"Vier Moederdag bij de M\u00fchle! De belangrijkste vrouw in je","og_url":"https:\/\/www.demuhle.com\/de\/veranstaltung\/moederdag-bij-de-muhle\/","og_site_name":"De M\u00fchle","article_publisher":"https:\/\/www.facebook.com\/p\/Femilie-at-Etzenrather-M%c3%bchle-100027792532478","article_modified_time":"2026-04-22T15:27:08+00:00","og_image":[{"width":1536,"height":2048,"url":"https:\/\/www.demuhle.com\/wp-content\/uploads\/2026\/04\/WhatsApp-Image-2026-04-22-at-16.15.25-1.jpeg","type":"image\/jpeg"}],"twitter_card":"summary_large_image","twitter_misc":{"Gesch\u00e4tzte Lesezeit":"2\u00a0Minuten"},"schema":{"@context":"https:\/\/schema.org","@graph":[{"@type":"WebPage","@id":"https:\/\/www.demuhle.com\/event\/moederdag-bij-de-muhle\/","url":"https:\/\/www.demuhle.com\/event\/moederdag-bij-de-muhle\/","name":"Moederdag bij de M\u00fchle! - De M\u00fchle","isPartOf":{"@id":"https:\/\/www.demuhle.com\/#website"},"primaryImageOfPage":{"@id":"https:\/\/www.demuhle.com\/event\/moederdag-bij-de-muhle\/#primaryimage"},"image":{"@id":"https:\/\/www.demuhle.com\/event\/moederdag-bij-de-muhle\/#primaryimage"},"thumbnailUrl":"https:\/\/www.demuhle.com\/wp-content\/uploads\/2026\/04\/WhatsApp-Image-2026-04-22-at-16.15.25-1.jpeg","datePublished":"2026-04-22T14:47:24+00:00","dateModified":"2026-04-22T15:27:08+00:00","breadcrumb":{"@id":"https:\/\/www.demuhle.com\/event\/moederdag-bij-de-muhle\/#breadcrumb"},"inLanguage":"de","potentialAction":[{"@type":"ReadAction","target":["https:\/\/www.demuhle.com\/event\/moederdag-bij-de-muhle\/"]}]},{"@type":"ImageObject","inLanguage":"de","@id":"https:\/\/www.demuhle.com\/event\/moederdag-bij-de-muhle\/#primaryimage","url":"https:\/\/www.demuhle.com\/wp-content\/uploads\/2026\/04\/WhatsApp-Image-2026-04-22-at-16.15.25-1.jpeg","contentUrl":"https:\/\/www.demuhle.com\/wp-content\/uploads\/2026\/04\/WhatsApp-Image-2026-04-22-at-16.15.25-1.jpeg","width":1536,"height":2048},{"@type":"BreadcrumbList","@id":"https:\/\/www.demuhle.com\/event\/moederdag-bij-de-muhle\/#breadcrumb","itemListElement":[{"@type":"ListItem","position":1,"name":"Home","item":"https:\/\/www.demuhle.com\/"},{"@type":"ListItem","position":2,"name":"Evenementen","item":"https:\/\/www.demuhle.com\/events\/"},{"@type":"ListItem","position":3,"name":"Moederdag bij de M\u00fchle!"}]},{"@type":"WebSite","@id":"https:\/\/www.demuhle.com\/#website","url":"https:\/\/www.demuhle.com\/","name":"Die M\u00fchle","description":"","publisher":{"@id":"https:\/\/www.demuhle.com\/#organization"},"potentialAction":[{"@type":"SearchAction","target":{"@type":"EntryPoint","urlTemplate":"https:\/\/www.demuhle.com\/?s={search_term_string}"},"query-input":{"@type":"PropertyValueSpecification","valueRequired":true,"valueName":"search_term_string"}}],"inLanguage":"de"},{"@type":"Organization","@id":"https:\/\/www.demuhle.com\/#organization","name":"Die M\u00fchle","url":"https:\/\/www.demuhle.com\/","logo":{"@type":"ImageObject","inLanguage":"de","@id":"https:\/\/www.demuhle.com\/#\/schema\/logo\/image\/","url":"https:\/\/www.demuhle.com\/wp-content\/uploads\/2024\/10\/500.png","contentUrl":"https:\/\/www.demuhle.com\/wp-content\/uploads\/2024\/10\/500.png","width":500,"height":500,"caption":"De M\u00fchle"},"image":{"@id":"https:\/\/www.demuhle.com\/#\/schema\/logo\/image\/"},"sameAs":["https:\/\/www.facebook.com\/p\/Femilie-at-Etzenrather-M\u00fchle-100027792532478","https:\/\/www.instagram.com\/brasserie_demuhle\/"]}]}},"publishpress_future_workflow_manual_trigger":{"enabledWorkflows":[]},"_links":{"self":[{"href":"https:\/\/www.demuhle.com\/de\/wp-json\/wp\/v2\/tribe_events\/2341","targetHints":{"allow":["GET"]}}],"collection":[{"href":"https:\/\/www.demuhle.com\/de\/wp-json\/wp\/v2\/tribe_events"}],"about":[{"href":"https:\/\/www.demuhle.com\/de\/wp-json\/wp\/v2\/types\/tribe_events"}],"author":[{"embeddable":true,"href":"https:\/\/www.demuhle.com\/de\/wp-json\/wp\/v2\/users\/4"}],"version-history":[{"count":2,"href":"https:\/\/www.demuhle.com\/de\/wp-json\/wp\/v2\/tribe_events\/2341\/revisions"}],"predecessor-version":[{"id":2343,"href":"https:\/\/www.demuhle.com\/de\/wp-json\/wp\/v2\/tribe_events\/2341\/revisions\/2343"}],"wp:featuredmedia":[{"embeddable":true,"href":"https:\/\/www.demuhle.com\/de\/wp-json\/wp\/v2\/media\/2340"}],"wp:attachment":[{"href":"https:\/\/www.demuhle.com\/de\/wp-json\/wp\/v2\/media?parent=2341"}],"wp:term":[{"taxonomy":"post_tag","embeddable":true,"href":"https:\/\/www.demuhle.com\/de\/wp-json\/wp\/v2\/tags?post=2341"},{"taxonomy":"tribe_events_cat","embeddable":true,"href":"https:\/\/www.demuhle.com\/de\/wp-json\/wp\/v2\/tribe_events_cat?post=2341"}],"curies":[{"name":"wp","href":"https:\/\/api.w.org\/{rel}","templated":true}]}}