{"id":2270,"date":"2026-03-18T11:37:52","date_gmt":"2026-03-18T10:37:52","guid":{"rendered":"https:\/\/www.demuhle.com\/?post_type=tribe_events&#038;p=2270"},"modified":"2026-03-19T09:22:03","modified_gmt":"2026-03-19T08:22:03","slug":"ostern-2026","status":"publish","type":"tribe_events","link":"https:\/\/www.demuhle.com\/de\/veranstaltung\/ostern-2026\/","title":{"rendered":"Ostern 2026"},"content":{"rendered":"<p>Kommen Sie und feiern Sie Ostern mit uns?<\/p>\n<p>Treffen Sie sich mit Familie und Freunden zu einem k\u00f6stlichen Osterbrunch\/-lunch oder einem gem\u00fctlichen Osterdinner. Freuen Sie sich auf schmackhafte Gerichte, eine warme Atmosph\u00e4re und ein festliches Ostererlebnis.<br \/>\nBuchen Sie rechtzeitig und machen Sie Ostern zu einer sch\u00f6nen Zeit, die Sie gemeinsam genie\u00dfen k\u00f6nnen!<\/p>\n<p>F\u00fcr die Kinder:<br \/>\nDer Osterhase kommt vorbei und hat Eier versteckt!<br \/>\nSucht gemeinsam nach dem goldenen Ei... wer es findet, gewinnt einen tollen Preis! \ud83c\udf81<\/p>\n<p>- Kinder k\u00f6nnen aus unserem Kindermen\u00fc w\u00e4hlen<\/p>\n<p>\ud83d\udcc5 Buchen Sie \u00fcber info@demuhle.com oder telefonisch unter 0049 2454 2200<\/p>\n<p>MEN\u00dc<\/p>\n<p><b>Brunch\/ Mittagessen<\/b> <b>21,50 \u20ac von 11.00 - 16.00 Uhr - Freie Begehung in Bezug auf die Zeit<\/b><\/p>\n<p>&nbsp;<\/p>\n<p><span style=\"font-weight: 400;\">Gemeinsames Essen:<\/span><\/p>\n<p>&nbsp;<\/p>\n<p><span style=\"font-weight: 400;\">Gurken-Courgette-Suppe oder Salmorejo<\/span><\/p>\n<p>&nbsp;<\/p>\n<p><span style=\"font-weight: 400;\">~<\/span><\/p>\n<p>&nbsp;<\/p>\n<p><span style=\"font-weight: 400;\">Focaccia:<\/span><\/p>\n<p><span style=\"font-weight: 400;\">Carpaccio<\/span><\/p>\n<p>&nbsp;<\/p>\n<p><span style=\"font-weight: 400;\">R\u00f6sti:<\/span><\/p>\n<p><span style=\"font-weight: 400;\">Makrelen-Salat<\/span><\/p>\n<p>&nbsp;<\/p>\n<p><span style=\"font-weight: 400;\">Brioche:<\/span><\/p>\n<p><span style=\"font-weight: 400;\">Knollensellerie-Pastrami<\/span><\/p>\n<p>&nbsp;<\/p>\n<p><span style=\"font-weight: 400;\">Frittata mit Feta-K\u00e4se<\/span><\/p>\n<p>&nbsp;<\/p>\n<p><span style=\"font-weight: 400;\">~<\/span><\/p>\n<p>&nbsp;<\/p>\n<p><span style=\"font-weight: 400;\">Sauerkraut oder H\u00fchnerragout<\/span><\/p>\n<p>&nbsp;<\/p>\n<p><span style=\"font-weight: 400;\">Optional:<\/span><\/p>\n<p>&nbsp;<\/p>\n<p><span style=\"font-weight: 400;\">s\u00fc\u00df: <\/span><span style=\"font-weight: 400;\"><br \/>\n<\/span><span style=\"font-weight: 400;\">Zum Teilen; Wei\u00dfer Schokoladen-Brownie &amp; Tiramisu + \u20ac7,50<\/span><\/p>\n<p>&nbsp;<\/p>\n<p><b>Abendessen ab 16.oo Uhr - Frei begehbar in Bezug auf die Zeit<\/b><\/p>\n<p>&nbsp;<\/p>\n<p><b>Gemeinsames Essen Zwanglos<\/b> <b>\u20ac39,50<\/b><\/p>\n<p>&nbsp;<\/p>\n<p><i><span style=\"font-weight: 400;\">Vorspeisen<\/span><\/i><\/p>\n<p>&nbsp;<\/p>\n<p><span style=\"font-weight: 400;\">Salmorejo oder Gurken-Courgette-Suppe<\/span><\/p>\n<p><span style=\"font-weight: 400;\">Brettchen<\/span><\/p>\n<p><span style=\"font-weight: 400;\">Harissa-Aubergine oder Wassermelonen-Sashimi<\/span><\/p>\n<p>&nbsp;<\/p>\n<p><b>Bevorzugen Sie Carpaccio oder Vitello Tonnato? + \u20ac4,-<\/b><\/p>\n<p>&nbsp;<\/p>\n<p><i><span style=\"font-weight: 400;\">Hauptgerichte<\/span><\/i><\/p>\n<p><span style=\"font-weight: 400;\">Sauerkraut<\/span><\/p>\n<p><span style=\"font-weight: 400;\">Tex-Mex-Taco<\/span><\/p>\n<p><span style=\"font-weight: 400;\">(Vega) Lasagne<\/span><\/p>\n<p>&nbsp;<\/p>\n<p><i><span style=\"font-weight: 400;\">Inklusive Pommes frites und Mayo.<\/span><\/i><\/p>\n<p>&nbsp;<\/p>\n<p><i><span style=\"font-weight: 400;\">Nachspeisen<\/span><\/i><\/p>\n<p><span style=\"font-weight: 400;\">Schoko-Brownie oder Affogato<\/span><\/p>\n<p>&nbsp;<\/p>\n<p><b>Gemeinsame Mahlzeit Deluxe<\/b> <b>\u20ac49,50<\/b><\/p>\n<p>&nbsp;<\/p>\n<p><i><span style=\"font-weight: 400;\">Vorspeisen<\/span><\/i><\/p>\n<p><span style=\"font-weight: 400;\">Carpaccio<\/span><\/p>\n<p><span style=\"font-weight: 400;\">Vitello Tonnato<\/span><\/p>\n<p><span style=\"font-weight: 400;\">R\u00f6sti-Makrele<\/span><\/p>\n<p>&nbsp;<\/p>\n<p><i><span style=\"font-weight: 400;\">Schellfischfilet<\/span><\/i><\/p>\n<p><span style=\"font-weight: 400;\">Ravigotte-Sahnesauce - Erbsenp\u00fcree - R\u00fcbenpesto* - gegrillte Zucchini - Babykartoffeln<\/span><\/p>\n<p>&nbsp;<\/p>\n<p><i><span style=\"font-weight: 400;\">Gegrillter Romanesco (Vegan m\u00f6glich)<\/span><\/i><\/p>\n<p><span style=\"font-weight: 400;\">Ajo blanco - Tomate - Perlgraupen - Radieschen - Kohlrabi-Pesto* \/ mit Babykartoffeln<\/span><\/p>\n<p><span style=\"font-weight: 400;\">\u00a0<\/span><\/p>\n<p><i><span style=\"font-weight: 400;\">Bavette oder Rinderb\u00e4ckchen<\/span><\/i><\/p>\n<p>&nbsp;<\/p>\n<p><i><span style=\"font-weight: 400;\">Bavette<\/span><\/i><\/p>\n<p><span style=\"font-weight: 400;\">Chimichurri - ger\u00e4uchertes R\u00fcbenp\u00fcree - Kartoffeln - Haricot frisch<\/span><\/p>\n<p>&nbsp;<\/p>\n<p><i><span style=\"font-weight: 400;\">Rinderbacke<\/span><\/i><\/p>\n<p><span style=\"font-weight: 400;\">Kartoffelp\u00fcree - Rotweinsauce - Caponata<\/span><\/p>\n<p>&nbsp;<\/p>\n<p><i><span style=\"font-weight: 400;\">Inklusive Pommes frites und Mayo.<\/span><\/i><\/p>\n<p>&nbsp;<\/p>\n<p><i><span style=\"font-weight: 400;\">Nachspeisen<\/span><\/i><\/p>\n<p><i><span style=\"font-weight: 400;\">Brownie mit wei\u00dfer Schokolade und K\u00e4sekuchen<\/span><\/i><\/p>","protected":false},"excerpt":{"rendered":"<p>Kommen Sie und feiern Sie Ostern mit uns? Kommen Sie zusammen mit<\/p>","protected":false},"author":4,"featured_media":2272,"template":"","meta":{"_acf_changed":false,"_tribe_events_status":"","_tribe_events_status_reason":"","footnotes":""},"tags":[],"tribe_events_cat":[],"class_list":["post-2270","tribe_events","type-tribe_events","status-publish","has-post-thumbnail","hentry"],"acf":[],"yoast_head":"<!-- This site is optimized with the Yoast SEO plugin v27.4 - https:\/\/yoast.com\/product\/yoast-seo-wordpress\/ -->\n<title>Pasen 2026 - De M\u00fchle<\/title>\n<meta name=\"robots\" content=\"index, follow, max-snippet:-1, max-image-preview:large, max-video-preview:-1\" \/>\n<link rel=\"canonical\" href=\"https:\/\/www.demuhle.com\/de\/veranstaltung\/ostern-2026\/\" \/>\n<meta property=\"og:locale\" content=\"de_DE\" \/>\n<meta property=\"og:type\" content=\"article\" \/>\n<meta property=\"og:title\" content=\"Pasen 2026 - De M\u00fchle\" \/>\n<meta property=\"og:description\" content=\"Kom jij gezellig Pasen bij ons vieren? Kom samen met\" \/>\n<meta property=\"og:url\" content=\"https:\/\/www.demuhle.com\/de\/veranstaltung\/ostern-2026\/\" \/>\n<meta property=\"og:site_name\" content=\"De M\u00fchle\" \/>\n<meta property=\"article:publisher\" content=\"https:\/\/www.facebook.com\/p\/Femilie-at-Etzenrather-M%c3%bchle-100027792532478\" \/>\n<meta property=\"article:modified_time\" content=\"2026-03-19T08:22:03+00:00\" \/>\n<meta property=\"og:image\" content=\"https:\/\/www.demuhle.com\/wp-content\/uploads\/2026\/03\/WhatsApp-Image-2026-03-19-at-09.14.10.jpeg\" \/>\n\t<meta property=\"og:image:width\" content=\"900\" \/>\n\t<meta property=\"og:image:height\" content=\"1600\" \/>\n\t<meta property=\"og:image:type\" content=\"image\/jpeg\" \/>\n<meta name=\"twitter:card\" content=\"summary_large_image\" \/>\n<meta name=\"twitter:label1\" content=\"Gesch\u00e4tzte Lesezeit\" \/>\n\t<meta name=\"twitter:data1\" content=\"2\u00a0Minuten\" \/>\n<script type=\"application\/ld+json\" class=\"yoast-schema-graph\">{\"@context\":\"https:\\\/\\\/schema.org\",\"@graph\":[{\"@type\":\"WebPage\",\"@id\":\"https:\\\/\\\/www.demuhle.com\\\/event\\\/pasen-2026\\\/\",\"url\":\"https:\\\/\\\/www.demuhle.com\\\/event\\\/pasen-2026\\\/\",\"name\":\"Pasen 2026 - De M\u00fchle\",\"isPartOf\":{\"@id\":\"https:\\\/\\\/www.demuhle.com\\\/#website\"},\"primaryImageOfPage\":{\"@id\":\"https:\\\/\\\/www.demuhle.com\\\/event\\\/pasen-2026\\\/#primaryimage\"},\"image\":{\"@id\":\"https:\\\/\\\/www.demuhle.com\\\/event\\\/pasen-2026\\\/#primaryimage\"},\"thumbnailUrl\":\"https:\\\/\\\/www.demuhle.com\\\/wp-content\\\/uploads\\\/2026\\\/03\\\/WhatsApp-Image-2026-03-19-at-09.14.10.jpeg\",\"datePublished\":\"2026-03-18T10:37:52+00:00\",\"dateModified\":\"2026-03-19T08:22:03+00:00\",\"breadcrumb\":{\"@id\":\"https:\\\/\\\/www.demuhle.com\\\/event\\\/pasen-2026\\\/#breadcrumb\"},\"inLanguage\":\"de\",\"potentialAction\":[{\"@type\":\"ReadAction\",\"target\":[\"https:\\\/\\\/www.demuhle.com\\\/event\\\/pasen-2026\\\/\"]}]},{\"@type\":\"ImageObject\",\"inLanguage\":\"de\",\"@id\":\"https:\\\/\\\/www.demuhle.com\\\/event\\\/pasen-2026\\\/#primaryimage\",\"url\":\"https:\\\/\\\/www.demuhle.com\\\/wp-content\\\/uploads\\\/2026\\\/03\\\/WhatsApp-Image-2026-03-19-at-09.14.10.jpeg\",\"contentUrl\":\"https:\\\/\\\/www.demuhle.com\\\/wp-content\\\/uploads\\\/2026\\\/03\\\/WhatsApp-Image-2026-03-19-at-09.14.10.jpeg\",\"width\":900,\"height\":1600},{\"@type\":\"BreadcrumbList\",\"@id\":\"https:\\\/\\\/www.demuhle.com\\\/event\\\/pasen-2026\\\/#breadcrumb\",\"itemListElement\":[{\"@type\":\"ListItem\",\"position\":1,\"name\":\"Home\",\"item\":\"https:\\\/\\\/www.demuhle.com\\\/\"},{\"@type\":\"ListItem\",\"position\":2,\"name\":\"Evenementen\",\"item\":\"https:\\\/\\\/www.demuhle.com\\\/events\\\/\"},{\"@type\":\"ListItem\",\"position\":3,\"name\":\"Pasen 2026\"}]},{\"@type\":\"WebSite\",\"@id\":\"https:\\\/\\\/www.demuhle.com\\\/#website\",\"url\":\"https:\\\/\\\/www.demuhle.com\\\/\",\"name\":\"De M\u00fchle\",\"description\":\"\",\"publisher\":{\"@id\":\"https:\\\/\\\/www.demuhle.com\\\/#organization\"},\"potentialAction\":[{\"@type\":\"SearchAction\",\"target\":{\"@type\":\"EntryPoint\",\"urlTemplate\":\"https:\\\/\\\/www.demuhle.com\\\/?s={search_term_string}\"},\"query-input\":{\"@type\":\"PropertyValueSpecification\",\"valueRequired\":true,\"valueName\":\"search_term_string\"}}],\"inLanguage\":\"de\"},{\"@type\":\"Organization\",\"@id\":\"https:\\\/\\\/www.demuhle.com\\\/#organization\",\"name\":\"De M\u00fchle\",\"url\":\"https:\\\/\\\/www.demuhle.com\\\/\",\"logo\":{\"@type\":\"ImageObject\",\"inLanguage\":\"de\",\"@id\":\"https:\\\/\\\/www.demuhle.com\\\/#\\\/schema\\\/logo\\\/image\\\/\",\"url\":\"https:\\\/\\\/www.demuhle.com\\\/wp-content\\\/uploads\\\/2024\\\/10\\\/500.png\",\"contentUrl\":\"https:\\\/\\\/www.demuhle.com\\\/wp-content\\\/uploads\\\/2024\\\/10\\\/500.png\",\"width\":500,\"height\":500,\"caption\":\"De M\u00fchle\"},\"image\":{\"@id\":\"https:\\\/\\\/www.demuhle.com\\\/#\\\/schema\\\/logo\\\/image\\\/\"},\"sameAs\":[\"https:\\\/\\\/www.facebook.com\\\/p\\\/Femilie-at-Etzenrather-M\u00fchle-100027792532478\",\"https:\\\/\\\/www.instagram.com\\\/brasserie_demuhle\\\/\"]}]}<\/script>\n<!-- \/ Yoast SEO plugin. -->","yoast_head_json":{"title":"Ostern 2026 - Die M\u00fchle","robots":{"index":"index","follow":"follow","max-snippet":"max-snippet:-1","max-image-preview":"max-image-preview:large","max-video-preview":"max-video-preview:-1"},"canonical":"https:\/\/www.demuhle.com\/de\/veranstaltung\/ostern-2026\/","og_locale":"de_DE","og_type":"article","og_title":"Pasen 2026 - De M\u00fchle","og_description":"Kom jij gezellig Pasen bij ons vieren? Kom samen met","og_url":"https:\/\/www.demuhle.com\/de\/veranstaltung\/ostern-2026\/","og_site_name":"De M\u00fchle","article_publisher":"https:\/\/www.facebook.com\/p\/Femilie-at-Etzenrather-M%c3%bchle-100027792532478","article_modified_time":"2026-03-19T08:22:03+00:00","og_image":[{"width":900,"height":1600,"url":"https:\/\/www.demuhle.com\/wp-content\/uploads\/2026\/03\/WhatsApp-Image-2026-03-19-at-09.14.10.jpeg","type":"image\/jpeg"}],"twitter_card":"summary_large_image","twitter_misc":{"Gesch\u00e4tzte Lesezeit":"2\u00a0Minuten"},"schema":{"@context":"https:\/\/schema.org","@graph":[{"@type":"WebPage","@id":"https:\/\/www.demuhle.com\/event\/pasen-2026\/","url":"https:\/\/www.demuhle.com\/event\/pasen-2026\/","name":"Ostern 2026 - Die M\u00fchle","isPartOf":{"@id":"https:\/\/www.demuhle.com\/#website"},"primaryImageOfPage":{"@id":"https:\/\/www.demuhle.com\/event\/pasen-2026\/#primaryimage"},"image":{"@id":"https:\/\/www.demuhle.com\/event\/pasen-2026\/#primaryimage"},"thumbnailUrl":"https:\/\/www.demuhle.com\/wp-content\/uploads\/2026\/03\/WhatsApp-Image-2026-03-19-at-09.14.10.jpeg","datePublished":"2026-03-18T10:37:52+00:00","dateModified":"2026-03-19T08:22:03+00:00","breadcrumb":{"@id":"https:\/\/www.demuhle.com\/event\/pasen-2026\/#breadcrumb"},"inLanguage":"de","potentialAction":[{"@type":"ReadAction","target":["https:\/\/www.demuhle.com\/event\/pasen-2026\/"]}]},{"@type":"ImageObject","inLanguage":"de","@id":"https:\/\/www.demuhle.com\/event\/pasen-2026\/#primaryimage","url":"https:\/\/www.demuhle.com\/wp-content\/uploads\/2026\/03\/WhatsApp-Image-2026-03-19-at-09.14.10.jpeg","contentUrl":"https:\/\/www.demuhle.com\/wp-content\/uploads\/2026\/03\/WhatsApp-Image-2026-03-19-at-09.14.10.jpeg","width":900,"height":1600},{"@type":"BreadcrumbList","@id":"https:\/\/www.demuhle.com\/event\/pasen-2026\/#breadcrumb","itemListElement":[{"@type":"ListItem","position":1,"name":"Home","item":"https:\/\/www.demuhle.com\/"},{"@type":"ListItem","position":2,"name":"Evenementen","item":"https:\/\/www.demuhle.com\/events\/"},{"@type":"ListItem","position":3,"name":"Pasen 2026"}]},{"@type":"WebSite","@id":"https:\/\/www.demuhle.com\/#website","url":"https:\/\/www.demuhle.com\/","name":"Die M\u00fchle","description":"","publisher":{"@id":"https:\/\/www.demuhle.com\/#organization"},"potentialAction":[{"@type":"SearchAction","target":{"@type":"EntryPoint","urlTemplate":"https:\/\/www.demuhle.com\/?s={search_term_string}"},"query-input":{"@type":"PropertyValueSpecification","valueRequired":true,"valueName":"search_term_string"}}],"inLanguage":"de"},{"@type":"Organization","@id":"https:\/\/www.demuhle.com\/#organization","name":"Die M\u00fchle","url":"https:\/\/www.demuhle.com\/","logo":{"@type":"ImageObject","inLanguage":"de","@id":"https:\/\/www.demuhle.com\/#\/schema\/logo\/image\/","url":"https:\/\/www.demuhle.com\/wp-content\/uploads\/2024\/10\/500.png","contentUrl":"https:\/\/www.demuhle.com\/wp-content\/uploads\/2024\/10\/500.png","width":500,"height":500,"caption":"De M\u00fchle"},"image":{"@id":"https:\/\/www.demuhle.com\/#\/schema\/logo\/image\/"},"sameAs":["https:\/\/www.facebook.com\/p\/Femilie-at-Etzenrather-M\u00fchle-100027792532478","https:\/\/www.instagram.com\/brasserie_demuhle\/"]}]}},"publishpress_future_workflow_manual_trigger":{"enabledWorkflows":[]},"_links":{"self":[{"href":"https:\/\/www.demuhle.com\/de\/wp-json\/wp\/v2\/tribe_events\/2270","targetHints":{"allow":["GET"]}}],"collection":[{"href":"https:\/\/www.demuhle.com\/de\/wp-json\/wp\/v2\/tribe_events"}],"about":[{"href":"https:\/\/www.demuhle.com\/de\/wp-json\/wp\/v2\/types\/tribe_events"}],"author":[{"embeddable":true,"href":"https:\/\/www.demuhle.com\/de\/wp-json\/wp\/v2\/users\/4"}],"version-history":[{"count":2,"href":"https:\/\/www.demuhle.com\/de\/wp-json\/wp\/v2\/tribe_events\/2270\/revisions"}],"predecessor-version":[{"id":2273,"href":"https:\/\/www.demuhle.com\/de\/wp-json\/wp\/v2\/tribe_events\/2270\/revisions\/2273"}],"wp:featuredmedia":[{"embeddable":true,"href":"https:\/\/www.demuhle.com\/de\/wp-json\/wp\/v2\/media\/2272"}],"wp:attachment":[{"href":"https:\/\/www.demuhle.com\/de\/wp-json\/wp\/v2\/media?parent=2270"}],"wp:term":[{"taxonomy":"post_tag","embeddable":true,"href":"https:\/\/www.demuhle.com\/de\/wp-json\/wp\/v2\/tags?post=2270"},{"taxonomy":"tribe_events_cat","embeddable":true,"href":"https:\/\/www.demuhle.com\/de\/wp-json\/wp\/v2\/tribe_events_cat?post=2270"}],"curies":[{"name":"wp","href":"https:\/\/api.w.org\/{rel}","templated":true}]}}