{"id":2231,"date":"2026-01-19T14:25:23","date_gmt":"2026-01-19T14:25:23","guid":{"rendered":"https:\/\/www.demuhle.com\/?post_type=tribe_events&#038;p=2231"},"modified":"2026-01-29T10:21:36","modified_gmt":"2026-01-29T09:21:36","slug":"klassischer-abend-opernabend","status":"publish","type":"tribe_events","link":"https:\/\/www.demuhle.com\/de\/veranstaltung\/klassischer-abend-opernabend\/","title":{"rendered":"Klassischer Abend - Opernabend"},"content":{"rendered":"<p>Letztes Jahr haben wir diese besondere Veranstaltung ins Leben gerufen. Auch f\u00fcr uns war das aufregend und neu. Als wir jedoch sahen, wie alle diesen Abend mit Tr\u00e4nen und L\u00e4cheln genossen, wussten wir, dass wir diese Veranstaltung j\u00e4hrlich wiederholen wollten. Schlie\u00dflich bilden die Akustik, die Intimit\u00e4t und das Essen einen ganz besonderen Rahmen. Der Abend verlief wie folgt:<\/p>\n<p><strong>Info-S\u00e4nger<\/strong><br \/>\nDie Geschichte der Mezzosopranistin Annemie Vallino - Ravetta und der Sopranistin V\u00e9ronique Meuffels begann vor 40 Jahren, als Annemie ihr Gesangsinstitut Vocaal Total gr\u00fcndete.<br \/>\nSechs Jahre sp\u00e4ter \u00fcberschritt V\u00e9ronique dort die Schwelle, um ihre Gesangstechnik weiter zu verfeinern. Was als Verbindung zwischen Gesangslehrerin und Sch\u00fclerin begann, entwickelte sich zu einer gleichberechtigten k\u00fcnstlerischen Zusammenarbeit.<br \/>\nSeit Jahrzehnten treten sie nun gemeinsam auf verschiedenen B\u00fchnen im In- und Ausland auf. Ihre Stimmen haben sich im Laufe der Jahre perfekt aufeinander abgestimmt, wobei die Geschichte des Gesangsinstituts die Grundlage f\u00fcr ihren einzigartigen Klang und ihr musikalisches Verst\u00e4ndnis ist.<br \/>\nAm Freitag, den 27. Februar, werden sie beim Operndinner ihre Stimmen sowohl solo erstrahlen lassen als auch in den beliebtesten Opernduetten miteinander verschmelzen.<\/p>\n<p><strong>Das Abendessen beginnt um 18 Uhr.<\/strong><br \/>\nBeim Trinkspruch zu Beginn des Abendessens wird das Trinklied \u2018Libiamo aus La Traviata\u2019 gesungen.<\/p>\n<p>Zwischen dem 1. und 2. Gang singen sie 3 St\u00fccke (Gesamtdauer etwa 12 bis 15 Minuten). Jeweils 1 Solo und 1 Duett.<\/p>\n<p>Zwischen dem 2. und 3. Gang singen sie 3 St\u00fccke (Gesamtdauer etwa 12 bis 15 Minuten). Jeweils 1 Solo und 1 Duett.<\/p>\n<p>Zum Abschluss des Abendessens singen sie noch ein Duett.<\/p>\n<p><b>3 - Gang Men\u00fc<\/b><\/p>\n<p><b>Sitzplatz Restaurant \u20ac62.50<\/b><\/p>\n<p><strong>Sitz Bar \u20ac53.50<\/strong><\/p>\n<p>&nbsp;<\/p>\n<p><i><span style=\"font-weight: 400;\">-Wahlweise-<\/span><\/i><\/p>\n<p><i><span style=\"font-weight: 400;\">Auster Nat\u00fcrlich<\/span><\/i> <span style=\"font-weight: 400;\">je 3,50 \u20ac<\/span><\/p>\n<p>&nbsp;<\/p>\n<p><i><span style=\"font-weight: 400;\">Auster De M\u00fchle<\/span><\/i> <span style=\"font-weight: 400;\">je 5,50 \u20ac<\/span><\/p>\n<p><span style=\"font-weight: 400;\">Cognacsauce - Pastinakenmayo - Topinamburchips<\/span><\/p>\n<p>&nbsp;<\/p>\n<p><i><span style=\"font-weight: 400;\">Vorspeisen<\/span><\/i><\/p>\n<p>&nbsp;<\/p>\n<p><b>Bouillabaise<\/b><\/p>\n<p><em>Oder<\/em><\/p>\n<p><b>Oeuf Mourette - ( Vega)<\/b><\/p>\n<p>Optional: + Kaviar \u20ac25 (auf Vorbestellung)<\/p>\n<p><i><span style=\"font-weight: 400;\">Hauptgerichte<\/span><\/i><\/p>\n<p>&nbsp;<\/p>\n<p><b>Coq au vin Jaune<\/b><\/p>\n<p><span style=\"font-weight: 400;\">Morcheln - Sauce Vin Jaune - Eingelegte Silberzwiebeln<\/span><\/p>\n<p><em>Oder<\/em><\/p>\n<p><b><i>Option Vega<\/i><\/b><i><span style=\"font-weight: 400;\"> - Gepuffter und ger\u00e4ucherter Knollensellerie<\/span><\/i><\/p>\n<p>&nbsp;<\/p>\n<p>Optional: + Frische Wintertr\u00fcffel \u20ac10,- (auf Vorbestellung)<\/p>\n<p>&nbsp;<\/p>\n<p><i><span style=\"font-weight: 400;\">Nachspeisen<\/span><\/i><\/p>\n<p>&nbsp;<\/p>\n<p><b>Cr\u00e9me brul\u00e9e Torte<\/b><\/p>\n<p>&nbsp;<\/p>\n<p><em>Oder<\/em><\/p>\n<p>&nbsp;<\/p>\n<p><b>Schokolade Pot de Cr\u00e9me<\/b><\/p>","protected":false},"excerpt":{"rendered":"<p>Letztes Jahr haben wir diese besondere Veranstaltung ins Leben gerufen. F\u00fcr<\/p>","protected":false},"author":1,"featured_media":2232,"template":"","meta":{"_acf_changed":false,"_tribe_events_status":"","_tribe_events_status_reason":"","footnotes":""},"tags":[],"tribe_events_cat":[],"class_list":["post-2231","tribe_events","type-tribe_events","status-publish","has-post-thumbnail","hentry"],"acf":[],"yoast_head":"<!-- This site is optimized with the Yoast SEO plugin v27.4 - https:\/\/yoast.com\/product\/yoast-seo-wordpress\/ -->\n<title>Klassieke avond - Opera avond - De M\u00fchle<\/title>\n<meta name=\"robots\" content=\"index, follow, max-snippet:-1, max-image-preview:large, max-video-preview:-1\" \/>\n<link rel=\"canonical\" href=\"https:\/\/www.demuhle.com\/de\/veranstaltung\/klassischer-abend-opernabend\/\" \/>\n<meta property=\"og:locale\" content=\"de_DE\" \/>\n<meta property=\"og:type\" content=\"article\" \/>\n<meta property=\"og:title\" content=\"Klassieke avond - Opera avond - De M\u00fchle\" \/>\n<meta property=\"og:description\" content=\"Vorig jaar zijn we gestart met dit bijzondere evenement. Voor\" \/>\n<meta property=\"og:url\" content=\"https:\/\/www.demuhle.com\/de\/veranstaltung\/klassischer-abend-opernabend\/\" \/>\n<meta property=\"og:site_name\" content=\"De M\u00fchle\" \/>\n<meta property=\"article:publisher\" content=\"https:\/\/www.facebook.com\/p\/Femilie-at-Etzenrather-M%c3%bchle-100027792532478\" \/>\n<meta property=\"article:modified_time\" content=\"2026-01-29T09:21:36+00:00\" \/>\n<meta property=\"og:image\" content=\"https:\/\/www.demuhle.com\/wp-content\/uploads\/2026\/01\/Klassieke-avond-Opera-avond.jpg\" \/>\n\t<meta property=\"og:image:width\" content=\"960\" \/>\n\t<meta property=\"og:image:height\" content=\"721\" \/>\n\t<meta property=\"og:image:type\" content=\"image\/jpeg\" \/>\n<meta name=\"twitter:card\" content=\"summary_large_image\" \/>\n<meta name=\"twitter:label1\" content=\"Gesch\u00e4tzte Lesezeit\" \/>\n\t<meta name=\"twitter:data1\" content=\"2\u00a0Minuten\" \/>\n<script type=\"application\/ld+json\" class=\"yoast-schema-graph\">{\"@context\":\"https:\\\/\\\/schema.org\",\"@graph\":[{\"@type\":\"WebPage\",\"@id\":\"https:\\\/\\\/www.demuhle.com\\\/event\\\/klassieke-avond-opera-avond\\\/\",\"url\":\"https:\\\/\\\/www.demuhle.com\\\/event\\\/klassieke-avond-opera-avond\\\/\",\"name\":\"Klassieke avond - Opera avond - De M\u00fchle\",\"isPartOf\":{\"@id\":\"https:\\\/\\\/www.demuhle.com\\\/#website\"},\"primaryImageOfPage\":{\"@id\":\"https:\\\/\\\/www.demuhle.com\\\/event\\\/klassieke-avond-opera-avond\\\/#primaryimage\"},\"image\":{\"@id\":\"https:\\\/\\\/www.demuhle.com\\\/event\\\/klassieke-avond-opera-avond\\\/#primaryimage\"},\"thumbnailUrl\":\"https:\\\/\\\/www.demuhle.com\\\/wp-content\\\/uploads\\\/2026\\\/01\\\/Klassieke-avond-Opera-avond.jpg\",\"datePublished\":\"2026-01-19T14:25:23+00:00\",\"dateModified\":\"2026-01-29T09:21:36+00:00\",\"breadcrumb\":{\"@id\":\"https:\\\/\\\/www.demuhle.com\\\/event\\\/klassieke-avond-opera-avond\\\/#breadcrumb\"},\"inLanguage\":\"de\",\"potentialAction\":[{\"@type\":\"ReadAction\",\"target\":[\"https:\\\/\\\/www.demuhle.com\\\/event\\\/klassieke-avond-opera-avond\\\/\"]}]},{\"@type\":\"ImageObject\",\"inLanguage\":\"de\",\"@id\":\"https:\\\/\\\/www.demuhle.com\\\/event\\\/klassieke-avond-opera-avond\\\/#primaryimage\",\"url\":\"https:\\\/\\\/www.demuhle.com\\\/wp-content\\\/uploads\\\/2026\\\/01\\\/Klassieke-avond-Opera-avond.jpg\",\"contentUrl\":\"https:\\\/\\\/www.demuhle.com\\\/wp-content\\\/uploads\\\/2026\\\/01\\\/Klassieke-avond-Opera-avond.jpg\",\"width\":960,\"height\":721,\"caption\":\"Klassieke avond - Opera avond\"},{\"@type\":\"BreadcrumbList\",\"@id\":\"https:\\\/\\\/www.demuhle.com\\\/event\\\/klassieke-avond-opera-avond\\\/#breadcrumb\",\"itemListElement\":[{\"@type\":\"ListItem\",\"position\":1,\"name\":\"Home\",\"item\":\"https:\\\/\\\/www.demuhle.com\\\/\"},{\"@type\":\"ListItem\",\"position\":2,\"name\":\"Evenementen\",\"item\":\"https:\\\/\\\/www.demuhle.com\\\/events\\\/\"},{\"@type\":\"ListItem\",\"position\":3,\"name\":\"Klassieke avond &#8211; Opera avond\"}]},{\"@type\":\"WebSite\",\"@id\":\"https:\\\/\\\/www.demuhle.com\\\/#website\",\"url\":\"https:\\\/\\\/www.demuhle.com\\\/\",\"name\":\"De M\u00fchle\",\"description\":\"\",\"publisher\":{\"@id\":\"https:\\\/\\\/www.demuhle.com\\\/#organization\"},\"potentialAction\":[{\"@type\":\"SearchAction\",\"target\":{\"@type\":\"EntryPoint\",\"urlTemplate\":\"https:\\\/\\\/www.demuhle.com\\\/?s={search_term_string}\"},\"query-input\":{\"@type\":\"PropertyValueSpecification\",\"valueRequired\":true,\"valueName\":\"search_term_string\"}}],\"inLanguage\":\"de\"},{\"@type\":\"Organization\",\"@id\":\"https:\\\/\\\/www.demuhle.com\\\/#organization\",\"name\":\"De M\u00fchle\",\"url\":\"https:\\\/\\\/www.demuhle.com\\\/\",\"logo\":{\"@type\":\"ImageObject\",\"inLanguage\":\"de\",\"@id\":\"https:\\\/\\\/www.demuhle.com\\\/#\\\/schema\\\/logo\\\/image\\\/\",\"url\":\"https:\\\/\\\/www.demuhle.com\\\/wp-content\\\/uploads\\\/2024\\\/10\\\/500.png\",\"contentUrl\":\"https:\\\/\\\/www.demuhle.com\\\/wp-content\\\/uploads\\\/2024\\\/10\\\/500.png\",\"width\":500,\"height\":500,\"caption\":\"De M\u00fchle\"},\"image\":{\"@id\":\"https:\\\/\\\/www.demuhle.com\\\/#\\\/schema\\\/logo\\\/image\\\/\"},\"sameAs\":[\"https:\\\/\\\/www.facebook.com\\\/p\\\/Femilie-at-Etzenrather-M\u00fchle-100027792532478\",\"https:\\\/\\\/www.instagram.com\\\/brasserie_demuhle\\\/\"]}]}<\/script>\n<!-- \/ Yoast SEO plugin. -->","yoast_head_json":{"title":"Klassischer Abend - Opernabend - Die M\u00fchle","robots":{"index":"index","follow":"follow","max-snippet":"max-snippet:-1","max-image-preview":"max-image-preview:large","max-video-preview":"max-video-preview:-1"},"canonical":"https:\/\/www.demuhle.com\/de\/veranstaltung\/klassischer-abend-opernabend\/","og_locale":"de_DE","og_type":"article","og_title":"Klassieke avond - Opera avond - De M\u00fchle","og_description":"Vorig jaar zijn we gestart met dit bijzondere evenement. Voor","og_url":"https:\/\/www.demuhle.com\/de\/veranstaltung\/klassischer-abend-opernabend\/","og_site_name":"De M\u00fchle","article_publisher":"https:\/\/www.facebook.com\/p\/Femilie-at-Etzenrather-M%c3%bchle-100027792532478","article_modified_time":"2026-01-29T09:21:36+00:00","og_image":[{"width":960,"height":721,"url":"https:\/\/www.demuhle.com\/wp-content\/uploads\/2026\/01\/Klassieke-avond-Opera-avond.jpg","type":"image\/jpeg"}],"twitter_card":"summary_large_image","twitter_misc":{"Gesch\u00e4tzte Lesezeit":"2\u00a0Minuten"},"schema":{"@context":"https:\/\/schema.org","@graph":[{"@type":"WebPage","@id":"https:\/\/www.demuhle.com\/event\/klassieke-avond-opera-avond\/","url":"https:\/\/www.demuhle.com\/event\/klassieke-avond-opera-avond\/","name":"Klassischer Abend - Opernabend - Die M\u00fchle","isPartOf":{"@id":"https:\/\/www.demuhle.com\/#website"},"primaryImageOfPage":{"@id":"https:\/\/www.demuhle.com\/event\/klassieke-avond-opera-avond\/#primaryimage"},"image":{"@id":"https:\/\/www.demuhle.com\/event\/klassieke-avond-opera-avond\/#primaryimage"},"thumbnailUrl":"https:\/\/www.demuhle.com\/wp-content\/uploads\/2026\/01\/Klassieke-avond-Opera-avond.jpg","datePublished":"2026-01-19T14:25:23+00:00","dateModified":"2026-01-29T09:21:36+00:00","breadcrumb":{"@id":"https:\/\/www.demuhle.com\/event\/klassieke-avond-opera-avond\/#breadcrumb"},"inLanguage":"de","potentialAction":[{"@type":"ReadAction","target":["https:\/\/www.demuhle.com\/event\/klassieke-avond-opera-avond\/"]}]},{"@type":"ImageObject","inLanguage":"de","@id":"https:\/\/www.demuhle.com\/event\/klassieke-avond-opera-avond\/#primaryimage","url":"https:\/\/www.demuhle.com\/wp-content\/uploads\/2026\/01\/Klassieke-avond-Opera-avond.jpg","contentUrl":"https:\/\/www.demuhle.com\/wp-content\/uploads\/2026\/01\/Klassieke-avond-Opera-avond.jpg","width":960,"height":721,"caption":"Klassieke avond - Opera avond"},{"@type":"BreadcrumbList","@id":"https:\/\/www.demuhle.com\/event\/klassieke-avond-opera-avond\/#breadcrumb","itemListElement":[{"@type":"ListItem","position":1,"name":"Home","item":"https:\/\/www.demuhle.com\/"},{"@type":"ListItem","position":2,"name":"Evenementen","item":"https:\/\/www.demuhle.com\/events\/"},{"@type":"ListItem","position":3,"name":"Klassieke avond &#8211; Opera avond"}]},{"@type":"WebSite","@id":"https:\/\/www.demuhle.com\/#website","url":"https:\/\/www.demuhle.com\/","name":"Die M\u00fchle","description":"","publisher":{"@id":"https:\/\/www.demuhle.com\/#organization"},"potentialAction":[{"@type":"SearchAction","target":{"@type":"EntryPoint","urlTemplate":"https:\/\/www.demuhle.com\/?s={search_term_string}"},"query-input":{"@type":"PropertyValueSpecification","valueRequired":true,"valueName":"search_term_string"}}],"inLanguage":"de"},{"@type":"Organization","@id":"https:\/\/www.demuhle.com\/#organization","name":"Die M\u00fchle","url":"https:\/\/www.demuhle.com\/","logo":{"@type":"ImageObject","inLanguage":"de","@id":"https:\/\/www.demuhle.com\/#\/schema\/logo\/image\/","url":"https:\/\/www.demuhle.com\/wp-content\/uploads\/2024\/10\/500.png","contentUrl":"https:\/\/www.demuhle.com\/wp-content\/uploads\/2024\/10\/500.png","width":500,"height":500,"caption":"De M\u00fchle"},"image":{"@id":"https:\/\/www.demuhle.com\/#\/schema\/logo\/image\/"},"sameAs":["https:\/\/www.facebook.com\/p\/Femilie-at-Etzenrather-M\u00fchle-100027792532478","https:\/\/www.instagram.com\/brasserie_demuhle\/"]}]}},"publishpress_future_workflow_manual_trigger":{"enabledWorkflows":[]},"_links":{"self":[{"href":"https:\/\/www.demuhle.com\/de\/wp-json\/wp\/v2\/tribe_events\/2231","targetHints":{"allow":["GET"]}}],"collection":[{"href":"https:\/\/www.demuhle.com\/de\/wp-json\/wp\/v2\/tribe_events"}],"about":[{"href":"https:\/\/www.demuhle.com\/de\/wp-json\/wp\/v2\/types\/tribe_events"}],"author":[{"embeddable":true,"href":"https:\/\/www.demuhle.com\/de\/wp-json\/wp\/v2\/users\/1"}],"version-history":[{"count":9,"href":"https:\/\/www.demuhle.com\/de\/wp-json\/wp\/v2\/tribe_events\/2231\/revisions"}],"predecessor-version":[{"id":2252,"href":"https:\/\/www.demuhle.com\/de\/wp-json\/wp\/v2\/tribe_events\/2231\/revisions\/2252"}],"wp:featuredmedia":[{"embeddable":true,"href":"https:\/\/www.demuhle.com\/de\/wp-json\/wp\/v2\/media\/2232"}],"wp:attachment":[{"href":"https:\/\/www.demuhle.com\/de\/wp-json\/wp\/v2\/media?parent=2231"}],"wp:term":[{"taxonomy":"post_tag","embeddable":true,"href":"https:\/\/www.demuhle.com\/de\/wp-json\/wp\/v2\/tags?post=2231"},{"taxonomy":"tribe_events_cat","embeddable":true,"href":"https:\/\/www.demuhle.com\/de\/wp-json\/wp\/v2\/tribe_events_cat?post=2231"}],"curies":[{"name":"wp","href":"https:\/\/api.w.org\/{rel}","templated":true}]}}